{"id":5952,"date":"2024-08-23T13:30:06","date_gmt":"2024-08-23T11:30:06","guid":{"rendered":"https:\/\/dominik-s.de\/hofaesthetics\/?page_id=5952"},"modified":"2024-09-25T10:51:04","modified_gmt":"2024-09-25T08:51:04","slug":"impressum","status":"publish","type":"page","link":"https:\/\/dominik-s.de\/hofaesthetics\/impressum\/","title":{"rendered":"Impressum"},"content":{"rendered":"<p>[vc_row css=&#8220;.vc_custom_1724413417112{margin-right: 11px !important;margin-left: 11px !important;}&#8220;][vc_column][vc_empty_space height=&#8220;48px&#8220;][vc_column_text css=&#8220;.vc_custom_1724413671639{margin-bottom: 23pt !important;}&#8220;]<\/p>\n<div class=\"sc85_heading wpb_content_element inverted center\">\n<h1 class=\"title\" style=\"font-size: 30pt; text-align: left;\">Impressum<\/h1>\n<\/div>\n<p>[\/vc_column_text][vc_column_text]<\/p>\n<div class=\"sc85_heading wpb_content_element impact center\">\n<div class=\"subtitle\">\n<p style=\"font-size: 14pt; text-align: left;\"><strong>DOMINIKS Hof\u00c4sthetics<\/strong><br \/>\n<span style=\"font-size: 12pt;\"><strong><span style=\"text-align: center;\">Praxis f\u00fcr \u00e4sthetische Medizin<\/span><\/strong><\/span><\/p>\n<p style=\"font-size: 12pt; text-align: left;\"><strong>Sch\u00fctzenweg 20, 95028 Hof<\/strong><br \/>\n<strong><a href=\"tel:092811441142\">09281 &#8211; 1441142<\/a><\/strong><br \/>\n<strong><a href=\"mailto:info@hofaesthetics.de\">info@hofaesthetics.de<\/a><\/strong><\/p>\n<\/div>\n<\/div>\n<p>[\/vc_column_text][vc_column_text]<\/p>\n<div class=\"sc85_heading wpb_content_element impact center\">\n<div class=\"subtitle\">\n<p style=\"font-size: 11pt; text-align: left;\"><strong>Zust\u00e4ndige Kammer:<\/strong><br \/>\nBayerische Landes\u00e4rztekammer<br \/>\nM\u00fchlbauerstra\u00dfe 16<br \/>\n81677 M\u00fcnchen<br \/>\n<a href=\"https:\/\/www.blaek.de\">https:\/\/www.blaek.de<\/a><br \/>\nMitgliedsnummer der Bayerische Landes\u00e4rztekammer: 324087<br \/>\nLANR: 7255481<\/p>\n<p style=\"font-size: 11pt; text-align: left;\"><strong>Berufsrechtliche Regelungen:<\/strong><br \/>\nBundes\u00e4rzteordnung (B\u00c4O)<br \/>\nApprobationsordnung (\u00c4ApprO 2002)<br \/>\nGeb\u00fchrenordnung f\u00fcr \u00c4rzte (GO\u00c4)<\/p>\n<p style=\"font-size: 11pt; text-align: left;\"><strong>Berufshaftpflichtversicherung:<\/strong><br \/>\nDeutsche \u00c4rzteversicherung<br \/>\nGeltungsbereich: Bundesrepublik Deutschland<br \/>\nBerufsbezeichnung: Arzt<br \/>\nBerufsbezeichnung verliehen in: Deutschland<\/p>\n<\/div>\n<\/div>\n<p>[\/vc_column_text][\/vc_column][\/vc_row][vc_row css=&#8220;.vc_custom_1724413424171{margin-right: 11px !important;margin-left: 11px !important;}&#8220;][vc_column][vc_empty_space height=&#8220;48px&#8220;][vc_column_text css=&#8220;.vc_custom_1724413632762{margin-bottom: 23pt !important;}&#8220;]<\/p>\n<div class=\"sc85_heading wpb_content_element inverted center\">\n<div class=\"subtitle\" style=\"font-size: 12pt; color: #363636; text-align: left;\">rechtliche Hinweise &amp; Haftungsausschluss<\/div>\n<h1 class=\"title\" style=\"font-size: 30pt; text-align: left;\">Disclaimer<\/h1>\n<\/div>\n<p>[\/vc_column_text][vc_column_text]<\/p>\n<div class=\"sc85_heading wpb_content_element impact center\">\n<div class=\"subtitle\">\n<p style=\"font-size: 11pt; text-align: left;\"><strong>Auskunfts- und Widerrufsrecht<\/strong><br \/>\nSie haben jederzeit das Recht, sich unentgeltlich und unverz\u00fcglich \u00fcber die zu Ihrer Person erhobenen Daten zu erkundigen. Ebenfalls k\u00f6nnen Sie Ihre Zustimmung zur Verwendung Ihrer angegebenen pers\u00f6nlichen Daten mit Wirkung f\u00fcr die Zukunft widerrufen. Hierf\u00fcr wenden Sie sich bitte an den im Impressum angegebenen Diensteanbieter.<\/p>\n<\/div>\n<\/div>\n<p>[\/vc_column_text][vc_column_text]<\/p>\n<div class=\"sc85_heading wpb_content_element impact center\">\n<div class=\"subtitle\">\n<p style=\"font-size: 11pt; text-align: left;\"><strong>Haftung f\u00fcr Inhalte<\/strong><br \/>\nAls Diensteanbieter sind wir gem\u00e4\u00df \u00a7 7 Abs. 1 TMG f\u00fcr eigene Inhalte auf diesen Seiten nach den allgemeinen Gesetzen verantwortlich. Nach \u00a7\u00a7 8 bis 10 TMG sind wir als Diensteanbieter jedoch nicht verpflichtet, \u00fcbermittelte oder gespeicherte fremde Informationen zu \u00fcberwachen oder nach Umst\u00e4nden zu forschen, die auf eine rechtswidrige T\u00e4tigkeit hinweisen. Verpflichtungen zur Entfernung oder Sperrung der Nutzung von Informationen nach den allgemeinen Gesetzen bleiben hiervon unber\u00fchrt. Eine diesbez\u00fcgliche Haftung ist jedoch erst ab dem Zeitpunkt der Kenntnis einer konkreten Rechtsverletzung m\u00f6glich. Bei Bekanntwerden von entsprechenden Rechtsverletzungen werden wir diese Inhalte umgehend entfernen.<\/p>\n<p style=\"font-size: 11pt; text-align: left;\"><strong>Haftung f\u00fcr Links<\/strong><br \/>\nDiese Website enth\u00e4lt Links zu externen Webseiten Dritter, auf deren Inhalte kein Einfluss genommen werden kann. Deshalb kann f\u00fcr diese fremden Inhalte auch keine Gew\u00e4hr \u00fcbernommen werden. F\u00fcr die Inhalte der verlinkten Seiten ist stets der jeweilige Anbieter oder Betreiber der Seiten verantwortlich. Die verlinkten Seiten wurden zum Zeitpunkt der Verlinkung auf m\u00f6gliche Rechtsverst\u00f6\u00dfe \u00fcberpr\u00fcft. Rechtswidrige Inhalte waren zum Zeitpunkt der Verlinkung nicht erkennbar. Eine permanente inhaltliche Kontrolle der verlinkten Seiten ist jedoch ohne konkrete Anhaltspunkte einer Rechtsverletzung nicht zumutbar. Bei Bekanntwerden von Rechtsverletzungen werden derartige Links umgehend von dieser Website auf die rechtsverletzende Site entfernen.<\/p>\n<p style=\"font-size: 11pt; text-align: left;\"><strong>Urheberrecht<\/strong><br \/>\nDie durch die Diensteanbieter, deren Mitarbeiter und beauftragte Dritte erstellten Inhalte und Werke auf diesen Seiten unterliegen dem deutschen Urheberrecht. Die Vervielf\u00e4ltigung, Bearbeitung, Verbreitung und jede Art der Verwertung au\u00dferhalb der Grenzen des Urheberrechtes bed\u00fcrfen der vorherigen schriftlichen Zustimmung des jeweiligen Autors bzw. Erstellers. Downloads und Kopien dieser Seite sind nur f\u00fcr den privaten, nicht kommerziellen Gebrauch gestattet. Soweit die Inhalte auf dieser Seite nicht vom Betreiber erstellt wurden, werden die Urheberrechte Dritter beachtet. Insbesondere werden Inhalte Dritter als solche gekennzeichnet. Sollten Sie trotzdem auf eine Urheberrechtsverletzung aufmerksam werden, bitten wir um einen entsprechenden Hinweis. Bei Bekanntwerden von Rechtsverletzungen werden derartige Inhalte umgehend entfernen.<\/p>\n<\/div>\n<\/div>\n<p>[\/vc_column_text][\/vc_column][\/vc_row][vc_row text=&#8220;Termin vereinbaren&#8220; size=&#8220;normal&#8220; alignment=&#8220;left&#8220; add_icon=&#8220;&#8220; icon_position=&#8220;after&#8220; link=&#8220;url:https%3A%2F%2Fdominik-s.de%2Fhofaesthetics%2F%23termin-vereinbaren|title:Termin%20vereinbaren||&#8220; icon=&#8220;&#8220; css=&#8220;.vc_custom_1724413444161{margin-right: 11px !important;margin-left: 11px !important;}&#8220;][vc_column]<div class=\"sc85_button normal left\"><a href=\"https:\/\/dominik-s.de\/datenschutz\/\" title=\"zum Datenschutz\" class=\"button\">zum Datenschutz<\/a><\/div>[vc_empty_space height=&#8220;48px&#8220;][\/vc_column][\/vc_row]<\/p>\n","protected":false},"excerpt":{"rendered":"<p>[vc_row css=&#8220;.vc_custom_1724413417112{margin-right: 11px !important;margin-left: 11px !important;}&#8220;][vc_column][vc_empty_space height=&#8220;48px&#8220;][vc_column_text css=&#8220;.vc_custom_1724413671639{margin-bottom: 23pt !important;}&#8220;] Impressum [\/vc_column_text][vc_column_text] DOMINIKS Hof\u00c4sthetics Praxis f\u00fcr \u00e4sthetische Medizin Sch\u00fctzenweg 20, 95028 Hof 09281 &#8211; 1441142 info@hofaesthetics.de [\/vc_column_text][vc_column_text] Zust\u00e4ndige Kammer: Bayerische Landes\u00e4rztekammer M\u00fchlbauerstra\u00dfe 16 81677 M\u00fcnchen https:\/\/www.blaek.de Mitgliedsnummer der Bayerische Landes\u00e4rztekammer: 324087 LANR: 7255481 Berufsrechtliche Regelungen: Bundes\u00e4rzteordnung (B\u00c4O) Approbationsordnung (\u00c4ApprO 2002) Geb\u00fchrenordnung f\u00fcr \u00c4rzte (GO\u00c4) Berufshaftpflichtversicherung: [&hellip;]<\/p>\n","protected":false},"author":1,"featured_media":0,"parent":0,"menu_order":1,"comment_status":"closed","ping_status":"closed","template":"","meta":{"footnotes":""},"class_list":["post-5952","page","type-page","status-publish","hentry"],"yoast_head":"<!-- This site is optimized with the Yoast SEO Premium plugin v26.5 (Yoast SEO v26.6) - https:\/\/yoast.com\/wordpress\/plugins\/seo\/ -->\n<title>Hof \u00c4sthetics - Praxis f\u00fcr \u00e4sthetische Medizin in Hof<\/title>\n<meta name=\"description\" content=\"Medizinisch-\u00c4sthetische Behandlungen vom Spezialisten\" \/>\n<meta name=\"robots\" content=\"index, follow, max-snippet:-1, max-image-preview:large, max-video-preview:-1\" \/>\n<link rel=\"canonical\" href=\"https:\/\/dominik-s.de\/hofaesthetics\/impressum\/\" \/>\n<meta property=\"og:locale\" content=\"de_DE\" \/>\n<meta property=\"og:type\" content=\"article\" \/>\n<meta property=\"og:title\" content=\"Impressum\" \/>\n<meta property=\"og:description\" content=\"Medizinisch-\u00c4sthetische Behandlungen vom Spezialisten\" \/>\n<meta property=\"og:url\" content=\"https:\/\/dominik-s.de\/hofaesthetics\/impressum\/\" \/>\n<meta property=\"og:site_name\" content=\"Hof \u00c4sthetics\" \/>\n<meta property=\"article:modified_time\" content=\"2024-09-25T08:51:04+00:00\" \/>\n<meta name=\"twitter:card\" content=\"summary_large_image\" \/>\n<meta name=\"twitter:label1\" content=\"Gesch\u00e4tzte Lesezeit\" \/>\n\t<meta name=\"twitter:data1\" content=\"3\u00a0Minuten\" \/>\n<script type=\"application\/ld+json\" class=\"yoast-schema-graph\">{\"@context\":\"https:\/\/schema.org\",\"@graph\":[{\"@type\":\"WebPage\",\"@id\":\"https:\/\/dominik-s.de\/hofaesthetics\/impressum\/\",\"url\":\"https:\/\/dominik-s.de\/hofaesthetics\/impressum\/\",\"name\":\"Hof \u00c4sthetics - Praxis f\u00fcr \u00e4sthetische Medizin in Hof\",\"isPartOf\":{\"@id\":\"https:\/\/dominik-s.de\/hofaesthetics\/#website\"},\"datePublished\":\"2024-08-23T11:30:06+00:00\",\"dateModified\":\"2024-09-25T08:51:04+00:00\",\"description\":\"Medizinisch-\u00c4sthetische Behandlungen vom Spezialisten\",\"breadcrumb\":{\"@id\":\"https:\/\/dominik-s.de\/hofaesthetics\/impressum\/#breadcrumb\"},\"inLanguage\":\"de\",\"potentialAction\":[{\"@type\":\"ReadAction\",\"target\":[\"https:\/\/dominik-s.de\/hofaesthetics\/impressum\/\"]}]},{\"@type\":\"BreadcrumbList\",\"@id\":\"https:\/\/dominik-s.de\/hofaesthetics\/impressum\/#breadcrumb\",\"itemListElement\":[{\"@type\":\"ListItem\",\"position\":1,\"name\":\"Startseite\",\"item\":\"https:\/\/dominik-s.de\/hofaesthetics\/\"},{\"@type\":\"ListItem\",\"position\":2,\"name\":\"Impressum\"}]},{\"@type\":\"WebSite\",\"@id\":\"https:\/\/dominik-s.de\/hofaesthetics\/#website\",\"url\":\"https:\/\/dominik-s.de\/hofaesthetics\/\",\"name\":\"Hof \u00c4sthetics\",\"description\":\"Praxis f\u00fcr medizinische Kosmetik in Hof\",\"potentialAction\":[{\"@type\":\"SearchAction\",\"target\":{\"@type\":\"EntryPoint\",\"urlTemplate\":\"https:\/\/dominik-s.de\/hofaesthetics\/?s={search_term_string}\"},\"query-input\":{\"@type\":\"PropertyValueSpecification\",\"valueRequired\":true,\"valueName\":\"search_term_string\"}}],\"inLanguage\":\"de\"}]}<\/script>\n<!-- \/ Yoast SEO Premium plugin. -->","yoast_head_json":{"title":"Hof \u00c4sthetics - Praxis f\u00fcr \u00e4sthetische Medizin in Hof","description":"Medizinisch-\u00c4sthetische Behandlungen vom Spezialisten","robots":{"index":"index","follow":"follow","max-snippet":"max-snippet:-1","max-image-preview":"max-image-preview:large","max-video-preview":"max-video-preview:-1"},"canonical":"https:\/\/dominik-s.de\/hofaesthetics\/impressum\/","og_locale":"de_DE","og_type":"article","og_title":"Impressum","og_description":"Medizinisch-\u00c4sthetische Behandlungen vom Spezialisten","og_url":"https:\/\/dominik-s.de\/hofaesthetics\/impressum\/","og_site_name":"Hof \u00c4sthetics","article_modified_time":"2024-09-25T08:51:04+00:00","twitter_card":"summary_large_image","twitter_misc":{"Gesch\u00e4tzte Lesezeit":"3\u00a0Minuten"},"schema":{"@context":"https:\/\/schema.org","@graph":[{"@type":"WebPage","@id":"https:\/\/dominik-s.de\/hofaesthetics\/impressum\/","url":"https:\/\/dominik-s.de\/hofaesthetics\/impressum\/","name":"Hof \u00c4sthetics - Praxis f\u00fcr \u00e4sthetische Medizin in Hof","isPartOf":{"@id":"https:\/\/dominik-s.de\/hofaesthetics\/#website"},"datePublished":"2024-08-23T11:30:06+00:00","dateModified":"2024-09-25T08:51:04+00:00","description":"Medizinisch-\u00c4sthetische Behandlungen vom Spezialisten","breadcrumb":{"@id":"https:\/\/dominik-s.de\/hofaesthetics\/impressum\/#breadcrumb"},"inLanguage":"de","potentialAction":[{"@type":"ReadAction","target":["https:\/\/dominik-s.de\/hofaesthetics\/impressum\/"]}]},{"@type":"BreadcrumbList","@id":"https:\/\/dominik-s.de\/hofaesthetics\/impressum\/#breadcrumb","itemListElement":[{"@type":"ListItem","position":1,"name":"Startseite","item":"https:\/\/dominik-s.de\/hofaesthetics\/"},{"@type":"ListItem","position":2,"name":"Impressum"}]},{"@type":"WebSite","@id":"https:\/\/dominik-s.de\/hofaesthetics\/#website","url":"https:\/\/dominik-s.de\/hofaesthetics\/","name":"Hof \u00c4sthetics","description":"Praxis f\u00fcr medizinische Kosmetik in Hof","potentialAction":[{"@type":"SearchAction","target":{"@type":"EntryPoint","urlTemplate":"https:\/\/dominik-s.de\/hofaesthetics\/?s={search_term_string}"},"query-input":{"@type":"PropertyValueSpecification","valueRequired":true,"valueName":"search_term_string"}}],"inLanguage":"de"}]}},"_links":{"self":[{"href":"https:\/\/dominik-s.de\/hofaesthetics\/wp-json\/wp\/v2\/pages\/5952","targetHints":{"allow":["GET"]}}],"collection":[{"href":"https:\/\/dominik-s.de\/hofaesthetics\/wp-json\/wp\/v2\/pages"}],"about":[{"href":"https:\/\/dominik-s.de\/hofaesthetics\/wp-json\/wp\/v2\/types\/page"}],"author":[{"embeddable":true,"href":"https:\/\/dominik-s.de\/hofaesthetics\/wp-json\/wp\/v2\/users\/1"}],"replies":[{"embeddable":true,"href":"https:\/\/dominik-s.de\/hofaesthetics\/wp-json\/wp\/v2\/comments?post=5952"}],"version-history":[{"count":15,"href":"https:\/\/dominik-s.de\/hofaesthetics\/wp-json\/wp\/v2\/pages\/5952\/revisions"}],"predecessor-version":[{"id":5976,"href":"https:\/\/dominik-s.de\/hofaesthetics\/wp-json\/wp\/v2\/pages\/5952\/revisions\/5976"}],"wp:attachment":[{"href":"https:\/\/dominik-s.de\/hofaesthetics\/wp-json\/wp\/v2\/media?parent=5952"}],"curies":[{"name":"wp","href":"https:\/\/api.w.org\/{rel}","templated":true}]}}